{"id":6414,"date":"2023-11-02T18:05:41","date_gmt":"2023-11-02T18:05:41","guid":{"rendered":"https:\/\/uncover.ces.uc.pt\/?page_id=6414"},"modified":"2025-04-20T11:07:17","modified_gmt":"2025-04-20T11:07:17","slug":"disseminacao","status":"publish","type":"page","link":"https:\/\/uncover.ces.uc.pt\/en\/disseminacao\/","title":{"rendered":"Outreach"},"content":{"rendered":"<div id=\"fws_69f02e102f721\"  data-column-margin=\"default\" data-midnight=\"dark\"  class=\"wpb_row vc_row-fluid vc_row full-width-section parallax_section\"  style=\"padding-top: 225px; padding-bottom: 150px; \"><div class=\"row-bg-wrap\" data-bg-animation=\"zoom-out-slow\" data-bg-animation-delay=\"\" data-bg-overlay=\"true\"><div class=\"inner-wrap row-bg-layer using-image\" ><div class=\"row-bg viewport-desktop using-image\" data-parallax-speed=\"slow\" style=\"background-image: url(https:\/\/uncover.ces.uc.pt\/wp-content\/uploads\/2024\/01\/istockphoto-1300182982-1024x1024-transformed.jpeg); background-position: center top; background-repeat: no-repeat; \"><\/div><\/div><div class=\"row-bg-overlay row-bg-layer\" style=\"background: #000000; background: linear-gradient(to bottom,#000000 0%,#1c3f8c 100%);  opacity: 0.8; \"><\/div><\/div><div class=\"row_col_wrap_12 col span_12 dark left\">\n\t<div  class=\"vc_col-sm-12 wpb_column column_container vc_column_container col no-extra-padding inherit_tablet inherit_phone\"  data-padding-pos=\"all\" data-has-bg-color=\"false\" data-bg-color=\"\" data-bg-opacity=\"1\" data-animation=\"\" data-delay=\"0\" >\n\t\t<div class=\"vc_column-inner\" >\n\t\t\t<div class=\"wpb_wrapper\">\n\t\t\t\t\n<div class=\"wpb_text_column wpb_content_element  wpb_animate_when_almost_visible wpb_fadeInUp fadeInUp\" >\n\t<div class=\"wpb_wrapper\">\n\t\t<h2 style=\"text-align: center; color: white;\">Outreach<\/h2>\n\t<\/div>\n<\/div>\n\n\n\n<div class=\"divider-wrap\" data-alignment=\"center\"><div style=\"margin-top: 37.5px; width: 20%; height: 5px; margin-bottom: 37.5px;\" data-width=\"20%\" data-animate=\"yes\" data-animation-delay=\"\" data-color=\"extra-color-gradient-2\" class=\"divider-small-border\"><\/div><\/div>\n\t\t\t<\/div> \n\t\t<\/div>\n\t<\/div> \n<\/div><\/div>\n\t\t<div id=\"fws_69f02e102fa57\"  data-column-margin=\"default\" data-midnight=\"dark\"  class=\"wpb_row vc_row-fluid vc_row full-width-section\"  style=\"padding-top: 100px; padding-bottom: 100px; \"><div class=\"row-bg-wrap\" data-bg-animation=\"none\" data-bg-animation-delay=\"\" data-bg-overlay=\"true\"><div class=\"inner-wrap row-bg-layer\" ><div class=\"row-bg viewport-desktop\"  style=\"\"><\/div><\/div><div class=\"row-bg-overlay row-bg-layer\" style=\"background-color:#ffffff;  opacity: 0.8; \"><\/div><\/div><div class=\"row_col_wrap_12 col span_12 dark left\">\n\t<div  class=\"vc_col-sm-12 wpb_column column_container vc_column_container col has-animation no-extra-padding inherit_tablet inherit_phone\"  data-padding-pos=\"all\" data-has-bg-color=\"false\" data-bg-color=\"\" data-bg-opacity=\"1\" data-animation=\"reveal-from-left\" data-delay=\"0\" >\n\t\t<div class=\"vc_column-inner\" >\n\t\t\t<div class=\"wpb_wrapper\">\n\t\t\t\t\n<div class=\"row\">\n\n <div class=\"post-area col featured_img_left span_12 col_last\" data-ams=\"\" data-remove-post-date=\"1\" data-remove-post-author=\"1\" data-remove-post-comment-number=\"1\" data-remove-post-nectar-love=\"1\"> <div class=\"posts-container\" data-load-animation=\"none\">     \n     \n<article id=\"post-7326\" class=\"post-7326 post type-post status-publish format-standard has-post-thumbnail category-disseminacao\">  \n  <div class=\"inner-wrap animated\">\n    <div class=\"post-content\">\n      <div class=\"article-content-wrap\">\n        <div class=\"post-featured-img-wrap\">\n          <a href=\"https:\/\/uncover.ces.uc.pt\/en\/2025\/07\/21\/retorica-anti-imigracao-fragiliza-a-luta-contra-a-violencia-de-genero\/\" aria-label=\"Ret\u00f3rica anti-imigra\u00e7\u00e3o fragiliza a luta contra a viol\u00eancia de g\u00e9nero\"><span class=\"post-featured-img\"><img loading=\"lazy\" decoding=\"async\" width=\"900\" height=\"600\" src=\"https:\/\/uncover.ces.uc.pt\/wp-content\/uploads\/2025\/07\/publico-femonacionalismo-1.jpg\" class=\"attachment-wide_photography size-wide_photography skip-lazy wp-post-image\" alt=\"\" title=\"\" sizes=\"auto, (min-width: 690px) 40vw, 100vw\" srcset=\"https:\/\/uncover.ces.uc.pt\/wp-content\/uploads\/2025\/07\/publico-femonacionalismo-1.jpg 900w, https:\/\/uncover.ces.uc.pt\/wp-content\/uploads\/2025\/07\/publico-femonacionalismo-1-300x200.jpg 300w, https:\/\/uncover.ces.uc.pt\/wp-content\/uploads\/2025\/07\/publico-femonacionalismo-1-768x512.jpg 768w, https:\/\/uncover.ces.uc.pt\/wp-content\/uploads\/2025\/07\/publico-femonacionalismo-1-18x12.jpg 18w\" \/><\/span><\/a>          \n        <\/div>\n        <div class=\"post-content-wrap\">\n          <a class=\"entire-meta-link\" href=\"https:\/\/uncover.ces.uc.pt\/en\/2025\/07\/21\/retorica-anti-imigracao-fragiliza-a-luta-contra-a-violencia-de-genero\/\"><span class=\"screen-reader-text\">Ret\u00f3rica anti-imigra\u00e7\u00e3o fragiliza a luta contra a viol\u00eancia de g\u00e9nero<\/span><\/a>\n          <span class=\"meta-category\"><a class=\"disseminacao\" href=\"https:\/\/uncover.ces.uc.pt\/en\/category\/disseminacao\/\">Outreach<\/a><\/span>          \n          <div class=\"post-header\">\n            <h3 class=\"title\"><a href=\"https:\/\/uncover.ces.uc.pt\/en\/2025\/07\/21\/retorica-anti-imigracao-fragiliza-a-luta-contra-a-violencia-de-genero\/\"> Ret\u00f3rica anti-imigra\u00e7\u00e3o fragiliza a luta contra a viol\u00eancia de g\u00e9nero<\/a><\/h3>\n          <\/div>\n          \n          <div class=\"excerpt\">S\u00edlvia Roque e Rita Santos foram entrevistadas para um artigo de investiga\u00e7\u00e3o do P\u00fablico que&hellip;<\/div><div class=\"grav-wrap\"><a href=\"https:\/\/uncover.ces.uc.pt\/en\/author\/uncover_admin\/\"><img alt='uncover_admin' src='https:\/\/secure.gravatar.com\/avatar\/77921b0a77845cc275141b2ebd17eb8e7564f7533437fcb2d45cc5f62df80d41?s=70&#038;d=mm&#038;r=g' srcset='https:\/\/secure.gravatar.com\/avatar\/77921b0a77845cc275141b2ebd17eb8e7564f7533437fcb2d45cc5f62df80d41?s=140&#038;d=mm&#038;r=g 2x' class='avatar avatar-70 photo' height='70' width='70' \/><\/a><div class=\"text\"><a href=\"https:\/\/uncover.ces.uc.pt\/en\/author\/uncover_admin\/\" rel=\"author\">uncover_admin<\/a><span>July 21, 2025<\/span><\/div><\/div>        <\/div>\n      <\/div>\n    <\/div>\n  <\/div>\n<\/article>     \n     \n<article id=\"post-7354\" class=\"post-7354 post type-post status-publish format-standard has-post-thumbnail category-disseminacao\">  \n  <div class=\"inner-wrap animated\">\n    <div class=\"post-content\">\n      <div class=\"article-content-wrap\">\n        <div class=\"post-featured-img-wrap\">\n          <a href=\"https:\/\/uncover.ces.uc.pt\/en\/2025\/09\/07\/webinar-depois-da-serie-adolescencia\/\" aria-label=\"Webinar \u201cDepois da s\u00e9rie Adolesc\u00eancia\u201d\"><span class=\"post-featured-img\"><img loading=\"lazy\" decoding=\"async\" width=\"900\" height=\"600\" src=\"https:\/\/uncover.ces.uc.pt\/wp-content\/uploads\/2025\/09\/webinar-serpa.jpg\" class=\"attachment-wide_photography size-wide_photography skip-lazy wp-post-image\" alt=\"\" title=\"\" sizes=\"auto, (min-width: 690px) 40vw, 100vw\" srcset=\"https:\/\/uncover.ces.uc.pt\/wp-content\/uploads\/2025\/09\/webinar-serpa.jpg 900w, https:\/\/uncover.ces.uc.pt\/wp-content\/uploads\/2025\/09\/webinar-serpa-300x200.jpg 300w, https:\/\/uncover.ces.uc.pt\/wp-content\/uploads\/2025\/09\/webinar-serpa-768x512.jpg 768w, https:\/\/uncover.ces.uc.pt\/wp-content\/uploads\/2025\/09\/webinar-serpa-18x12.jpg 18w\" \/><\/span><\/a>          \n        <\/div>\n        <div class=\"post-content-wrap\">\n          <a class=\"entire-meta-link\" href=\"https:\/\/uncover.ces.uc.pt\/en\/2025\/09\/07\/webinar-depois-da-serie-adolescencia\/\"><span class=\"screen-reader-text\">Webinar \u201cDepois da s\u00e9rie Adolesc\u00eancia\u201d<\/span><\/a>\n          <span class=\"meta-category\"><a class=\"disseminacao\" href=\"https:\/\/uncover.ces.uc.pt\/en\/category\/disseminacao\/\">Outreach<\/a><\/span>          \n          <div class=\"post-header\">\n            <h3 class=\"title\"><a href=\"https:\/\/uncover.ces.uc.pt\/en\/2025\/09\/07\/webinar-depois-da-serie-adolescencia\/\"> Webinar \u201cDepois da s\u00e9rie Adolesc\u00eancia\u201d<\/a><\/h3>\n          <\/div>\n          \n          <div class=\"excerpt\">No dia 15 de julho de 2025, no \u00e2mbito das VIII Jornadas Municipais da Educa\u00e7\u00e3o&hellip;<\/div><div class=\"grav-wrap\"><a href=\"https:\/\/uncover.ces.uc.pt\/en\/author\/uncover_admin\/\"><img alt='uncover_admin' src='https:\/\/secure.gravatar.com\/avatar\/77921b0a77845cc275141b2ebd17eb8e7564f7533437fcb2d45cc5f62df80d41?s=70&#038;d=mm&#038;r=g' srcset='https:\/\/secure.gravatar.com\/avatar\/77921b0a77845cc275141b2ebd17eb8e7564f7533437fcb2d45cc5f62df80d41?s=140&#038;d=mm&#038;r=g 2x' class='avatar avatar-70 photo' height='70' width='70' \/><\/a><div class=\"text\"><a href=\"https:\/\/uncover.ces.uc.pt\/en\/author\/uncover_admin\/\" rel=\"author\">uncover_admin<\/a><span>September 7, 2025<\/span><\/div><\/div>        <\/div>\n      <\/div>\n    <\/div>\n  <\/div>\n<\/article>     \n     \n<article id=\"post-7307\" class=\"post-7307 post type-post status-publish format-standard has-post-thumbnail category-disseminacao\">  \n  <div class=\"inner-wrap animated\">\n    <div class=\"post-content\">\n      <div class=\"article-content-wrap\">\n        <div class=\"post-featured-img-wrap\">\n          <a href=\"https:\/\/uncover.ces.uc.pt\/en\/2025\/06\/24\/7307\/\" aria-label=\"Casos de Pol\u00edcia (SIC Not\u00edcias)\"><span class=\"post-featured-img\"><img loading=\"lazy\" decoding=\"async\" width=\"900\" height=\"600\" src=\"https:\/\/uncover.ces.uc.pt\/wp-content\/uploads\/2025\/06\/casos-policia.png\" class=\"attachment-wide_photography size-wide_photography skip-lazy wp-post-image\" alt=\"\" title=\"\" sizes=\"auto, (min-width: 690px) 40vw, 100vw\" srcset=\"https:\/\/uncover.ces.uc.pt\/wp-content\/uploads\/2025\/06\/casos-policia.png 900w, https:\/\/uncover.ces.uc.pt\/wp-content\/uploads\/2025\/06\/casos-policia-300x200.png 300w, https:\/\/uncover.ces.uc.pt\/wp-content\/uploads\/2025\/06\/casos-policia-768x512.png 768w, https:\/\/uncover.ces.uc.pt\/wp-content\/uploads\/2025\/06\/casos-policia-18x12.png 18w\" \/><\/span><\/a>          \n        <\/div>\n        <div class=\"post-content-wrap\">\n          <a class=\"entire-meta-link\" href=\"https:\/\/uncover.ces.uc.pt\/en\/2025\/06\/24\/7307\/\"><span class=\"screen-reader-text\">Casos de Pol\u00edcia (SIC Not\u00edcias)<\/span><\/a>\n          <span class=\"meta-category\"><a class=\"disseminacao\" href=\"https:\/\/uncover.ces.uc.pt\/en\/category\/disseminacao\/\">Outreach<\/a><\/span>          \n          <div class=\"post-header\">\n            <h3 class=\"title\"><a href=\"https:\/\/uncover.ces.uc.pt\/en\/2025\/06\/24\/7307\/\"> Casos de Pol\u00edcia (SIC Not\u00edcias)<\/a><\/h3>\n          <\/div>\n          \n          <div class=\"excerpt\">Maria Jo\u00e3o Faustino participou no epis\u00f3dio do programa Casos de Pol\u00edcia, da SIC Not\u00edcias, dedicado&hellip;<\/div><div class=\"grav-wrap\"><a href=\"https:\/\/uncover.ces.uc.pt\/en\/author\/uncover_admin\/\"><img alt='uncover_admin' src='https:\/\/secure.gravatar.com\/avatar\/77921b0a77845cc275141b2ebd17eb8e7564f7533437fcb2d45cc5f62df80d41?s=70&#038;d=mm&#038;r=g' srcset='https:\/\/secure.gravatar.com\/avatar\/77921b0a77845cc275141b2ebd17eb8e7564f7533437fcb2d45cc5f62df80d41?s=140&#038;d=mm&#038;r=g 2x' class='avatar avatar-70 photo' height='70' width='70' \/><\/a><div class=\"text\"><a href=\"https:\/\/uncover.ces.uc.pt\/en\/author\/uncover_admin\/\" rel=\"author\">uncover_admin<\/a><span>June 24, 2025<\/span><\/div><\/div>        <\/div>\n      <\/div>\n    <\/div>\n  <\/div>\n<\/article>     \n     \n<article id=\"post-7295\" class=\"post-7295 post type-post status-publish format-standard has-post-thumbnail category-disseminacao\">  \n  <div class=\"inner-wrap animated\">\n    <div class=\"post-content\">\n      <div class=\"article-content-wrap\">\n        <div class=\"post-featured-img-wrap\">\n          <a href=\"https:\/\/uncover.ces.uc.pt\/en\/2025\/06\/24\/7295\/\" aria-label=\"A influ\u00eancia da manosfera\"><span class=\"post-featured-img\"><img loading=\"lazy\" decoding=\"async\" width=\"900\" height=\"600\" src=\"https:\/\/uncover.ces.uc.pt\/wp-content\/uploads\/2025\/06\/Screenshot-2025-06-24-075220-900x600.png\" class=\"attachment-wide_photography size-wide_photography skip-lazy wp-post-image\" alt=\"\" title=\"\" sizes=\"auto, (min-width: 690px) 40vw, 100vw\" srcset=\"https:\/\/uncover.ces.uc.pt\/wp-content\/uploads\/2025\/06\/Screenshot-2025-06-24-075220-900x600.png 900w, https:\/\/uncover.ces.uc.pt\/wp-content\/uploads\/2025\/06\/Screenshot-2025-06-24-075220-16x12.png 16w\" \/><\/span><\/a>          \n        <\/div>\n        <div class=\"post-content-wrap\">\n          <a class=\"entire-meta-link\" href=\"https:\/\/uncover.ces.uc.pt\/en\/2025\/06\/24\/7295\/\"><span class=\"screen-reader-text\">A influ\u00eancia da manosfera<\/span><\/a>\n          <span class=\"meta-category\"><a class=\"disseminacao\" href=\"https:\/\/uncover.ces.uc.pt\/en\/category\/disseminacao\/\">Outreach<\/a><\/span>          \n          <div class=\"post-header\">\n            <h3 class=\"title\"><a href=\"https:\/\/uncover.ces.uc.pt\/en\/2025\/06\/24\/7295\/\"> A influ\u00eancia da manosfera<\/a><\/h3>\n          <\/div>\n          \n          <div class=\"excerpt\">A recente reportagem de Ana Cristina Gomes (Lusa), publicada no Observador, d\u00e1 visibilidade \u00e0 crescente&hellip;<\/div><div class=\"grav-wrap\"><a href=\"https:\/\/uncover.ces.uc.pt\/en\/author\/uncover_admin\/\"><img alt='uncover_admin' src='https:\/\/secure.gravatar.com\/avatar\/77921b0a77845cc275141b2ebd17eb8e7564f7533437fcb2d45cc5f62df80d41?s=70&#038;d=mm&#038;r=g' srcset='https:\/\/secure.gravatar.com\/avatar\/77921b0a77845cc275141b2ebd17eb8e7564f7533437fcb2d45cc5f62df80d41?s=140&#038;d=mm&#038;r=g 2x' class='avatar avatar-70 photo' height='70' width='70' \/><\/a><div class=\"text\"><a href=\"https:\/\/uncover.ces.uc.pt\/en\/author\/uncover_admin\/\" rel=\"author\">uncover_admin<\/a><span>June 24, 2025<\/span><\/div><\/div>        <\/div>\n      <\/div>\n    <\/div>\n  <\/div>\n<\/article>     \n     \n<article id=\"post-7231\" class=\"post-7231 post type-post status-publish format-standard has-post-thumbnail category-disseminacao\">  \n  <div class=\"inner-wrap animated\">\n    <div class=\"post-content\">\n      <div class=\"article-content-wrap\">\n        <div class=\"post-featured-img-wrap\">\n          <a href=\"https:\/\/uncover.ces.uc.pt\/en\/2025\/04\/20\/violencia-sexual-sem-contacto-fisico\/\" aria-label=\"Viol\u00eancia Sexual Sem Contacto F\u00edsico\"><span class=\"post-featured-img\"><img loading=\"lazy\" decoding=\"async\" width=\"900\" height=\"600\" src=\"https:\/\/uncover.ces.uc.pt\/wp-content\/uploads\/2025\/04\/11-abril.jpg\" class=\"attachment-wide_photography size-wide_photography skip-lazy wp-post-image\" alt=\"\" title=\"\" sizes=\"auto, (min-width: 690px) 40vw, 100vw\" srcset=\"https:\/\/uncover.ces.uc.pt\/wp-content\/uploads\/2025\/04\/11-abril.jpg 900w, https:\/\/uncover.ces.uc.pt\/wp-content\/uploads\/2025\/04\/11-abril-300x200.jpg 300w, https:\/\/uncover.ces.uc.pt\/wp-content\/uploads\/2025\/04\/11-abril-768x512.jpg 768w, https:\/\/uncover.ces.uc.pt\/wp-content\/uploads\/2025\/04\/11-abril-18x12.jpg 18w\" \/><\/span><\/a>          \n        <\/div>\n        <div class=\"post-content-wrap\">\n          <a class=\"entire-meta-link\" href=\"https:\/\/uncover.ces.uc.pt\/en\/2025\/04\/20\/violencia-sexual-sem-contacto-fisico\/\"><span class=\"screen-reader-text\">Viol\u00eancia Sexual Sem Contacto F\u00edsico<\/span><\/a>\n          <span class=\"meta-category\"><a class=\"disseminacao\" href=\"https:\/\/uncover.ces.uc.pt\/en\/category\/disseminacao\/\">Outreach<\/a><\/span>          \n          <div class=\"post-header\">\n            <h3 class=\"title\"><a href=\"https:\/\/uncover.ces.uc.pt\/en\/2025\/04\/20\/violencia-sexual-sem-contacto-fisico\/\"> Viol\u00eancia Sexual Sem Contacto F\u00edsico<\/a><\/h3>\n          <\/div>\n          \n          <div class=\"excerpt\">A banaliza\u00e7\u00e3o da viol\u00eancia sexual sem contacto f\u00edsico continua a marcar o debate p\u00fablico e&hellip;<\/div><div class=\"grav-wrap\"><a href=\"https:\/\/uncover.ces.uc.pt\/en\/author\/uncover_admin\/\"><img alt='uncover_admin' src='https:\/\/secure.gravatar.com\/avatar\/77921b0a77845cc275141b2ebd17eb8e7564f7533437fcb2d45cc5f62df80d41?s=70&#038;d=mm&#038;r=g' srcset='https:\/\/secure.gravatar.com\/avatar\/77921b0a77845cc275141b2ebd17eb8e7564f7533437fcb2d45cc5f62df80d41?s=140&#038;d=mm&#038;r=g 2x' class='avatar avatar-70 photo' height='70' width='70' \/><\/a><div class=\"text\"><a href=\"https:\/\/uncover.ces.uc.pt\/en\/author\/uncover_admin\/\" rel=\"author\">uncover_admin<\/a><span>April 20, 2025<\/span><\/div><\/div>        <\/div>\n      <\/div>\n    <\/div>\n  <\/div>\n<\/article>     \n     \n<article id=\"post-7234\" class=\"post-7234 post type-post status-publish format-standard has-post-thumbnail category-disseminacao\">  \n  <div class=\"inner-wrap animated\">\n    <div class=\"post-content\">\n      <div class=\"article-content-wrap\">\n        <div class=\"post-featured-img-wrap\">\n          <a href=\"https:\/\/uncover.ces.uc.pt\/en\/2025\/04\/20\/a-violencia-contra-as-mulheres-nunca-e-so-ficcao\/\" aria-label=\"A Viol\u00eancia Contra as Mulheres Nunca \u00e9 &#8220;S\u00f3 Fic\u00e7\u00e3o&#8221;\"><span class=\"post-featured-img\"><img loading=\"lazy\" decoding=\"async\" width=\"900\" height=\"600\" src=\"https:\/\/uncover.ces.uc.pt\/wp-content\/uploads\/2025\/04\/tvi.jpg\" class=\"attachment-wide_photography size-wide_photography skip-lazy wp-post-image\" alt=\"\" title=\"\" sizes=\"auto, (min-width: 690px) 40vw, 100vw\" srcset=\"https:\/\/uncover.ces.uc.pt\/wp-content\/uploads\/2025\/04\/tvi.jpg 900w, https:\/\/uncover.ces.uc.pt\/wp-content\/uploads\/2025\/04\/tvi-300x200.jpg 300w, https:\/\/uncover.ces.uc.pt\/wp-content\/uploads\/2025\/04\/tvi-768x512.jpg 768w, https:\/\/uncover.ces.uc.pt\/wp-content\/uploads\/2025\/04\/tvi-18x12.jpg 18w\" \/><\/span><\/a>          \n        <\/div>\n        <div class=\"post-content-wrap\">\n          <a class=\"entire-meta-link\" href=\"https:\/\/uncover.ces.uc.pt\/en\/2025\/04\/20\/a-violencia-contra-as-mulheres-nunca-e-so-ficcao\/\"><span class=\"screen-reader-text\">A Viol\u00eancia Contra as Mulheres Nunca \u00e9 &#8220;S\u00f3 Fic\u00e7\u00e3o&#8221;<\/span><\/a>\n          <span class=\"meta-category\"><a class=\"disseminacao\" href=\"https:\/\/uncover.ces.uc.pt\/en\/category\/disseminacao\/\">Outreach<\/a><\/span>          \n          <div class=\"post-header\">\n            <h3 class=\"title\"><a href=\"https:\/\/uncover.ces.uc.pt\/en\/2025\/04\/20\/a-violencia-contra-as-mulheres-nunca-e-so-ficcao\/\"> A Viol\u00eancia Contra as Mulheres Nunca \u00e9 &#8220;S\u00f3 Fic\u00e7\u00e3o&#8221;<\/a><\/h3>\n          <\/div>\n          \n          <div class=\"excerpt\">No dia 11 de abril de 2025, a ativista e investigadora Maria Jo\u00e3o Faustino participou&hellip;<\/div><div class=\"grav-wrap\"><a href=\"https:\/\/uncover.ces.uc.pt\/en\/author\/uncover_admin\/\"><img alt='uncover_admin' src='https:\/\/secure.gravatar.com\/avatar\/77921b0a77845cc275141b2ebd17eb8e7564f7533437fcb2d45cc5f62df80d41?s=70&#038;d=mm&#038;r=g' srcset='https:\/\/secure.gravatar.com\/avatar\/77921b0a77845cc275141b2ebd17eb8e7564f7533437fcb2d45cc5f62df80d41?s=140&#038;d=mm&#038;r=g 2x' class='avatar avatar-70 photo' height='70' width='70' \/><\/a><div class=\"text\"><a href=\"https:\/\/uncover.ces.uc.pt\/en\/author\/uncover_admin\/\" rel=\"author\">uncover_admin<\/a><span>April 20, 2025<\/span><\/div><\/div>        <\/div>\n      <\/div>\n    <\/div>\n  <\/div>\n<\/article>     \n     \n<article id=\"post-7237\" class=\"post-7237 post type-post status-publish format-standard has-post-thumbnail category-disseminacao\">  \n  <div class=\"inner-wrap animated\">\n    <div class=\"post-content\">\n      <div class=\"article-content-wrap\">\n        <div class=\"post-featured-img-wrap\">\n          <a href=\"https:\/\/uncover.ces.uc.pt\/en\/2025\/04\/20\/violencia-sexual-na-era-digital-na-fmul\/\" aria-label=\"Viol\u00eancia Sexual na Era Digital na FMUL\"><span class=\"post-featured-img\"><img loading=\"lazy\" decoding=\"async\" width=\"900\" height=\"600\" src=\"https:\/\/uncover.ces.uc.pt\/wp-content\/uploads\/2025\/04\/medicina.jpg\" class=\"attachment-wide_photography size-wide_photography skip-lazy wp-post-image\" alt=\"\" title=\"\" sizes=\"auto, (min-width: 690px) 40vw, 100vw\" srcset=\"https:\/\/uncover.ces.uc.pt\/wp-content\/uploads\/2025\/04\/medicina.jpg 900w, https:\/\/uncover.ces.uc.pt\/wp-content\/uploads\/2025\/04\/medicina-300x200.jpg 300w, https:\/\/uncover.ces.uc.pt\/wp-content\/uploads\/2025\/04\/medicina-768x512.jpg 768w, https:\/\/uncover.ces.uc.pt\/wp-content\/uploads\/2025\/04\/medicina-18x12.jpg 18w\" \/><\/span><\/a>          \n        <\/div>\n        <div class=\"post-content-wrap\">\n          <a class=\"entire-meta-link\" href=\"https:\/\/uncover.ces.uc.pt\/en\/2025\/04\/20\/violencia-sexual-na-era-digital-na-fmul\/\"><span class=\"screen-reader-text\">Viol\u00eancia Sexual na Era Digital na FMUL<\/span><\/a>\n          <span class=\"meta-category\"><a class=\"disseminacao\" href=\"https:\/\/uncover.ces.uc.pt\/en\/category\/disseminacao\/\">Outreach<\/a><\/span>          \n          <div class=\"post-header\">\n            <h3 class=\"title\"><a href=\"https:\/\/uncover.ces.uc.pt\/en\/2025\/04\/20\/violencia-sexual-na-era-digital-na-fmul\/\"> Viol\u00eancia Sexual na Era Digital na FMUL<\/a><\/h3>\n          <\/div>\n          \n          <div class=\"excerpt\">Como repensar o papel das redes digitais na perpetua\u00e7\u00e3o e na den\u00fancia da viol\u00eancia sexual?&hellip;<\/div><div class=\"grav-wrap\"><a href=\"https:\/\/uncover.ces.uc.pt\/en\/author\/uncover_admin\/\"><img alt='uncover_admin' src='https:\/\/secure.gravatar.com\/avatar\/77921b0a77845cc275141b2ebd17eb8e7564f7533437fcb2d45cc5f62df80d41?s=70&#038;d=mm&#038;r=g' srcset='https:\/\/secure.gravatar.com\/avatar\/77921b0a77845cc275141b2ebd17eb8e7564f7533437fcb2d45cc5f62df80d41?s=140&#038;d=mm&#038;r=g 2x' class='avatar avatar-70 photo' height='70' width='70' \/><\/a><div class=\"text\"><a href=\"https:\/\/uncover.ces.uc.pt\/en\/author\/uncover_admin\/\" rel=\"author\">uncover_admin<\/a><span>April 20, 2025<\/span><\/div><\/div>        <\/div>\n      <\/div>\n    <\/div>\n  <\/div>\n<\/article>     \n     \n<article id=\"post-7241\" class=\"post-7241 post type-post status-publish format-standard has-post-thumbnail category-disseminacao\">  \n  <div class=\"inner-wrap animated\">\n    <div class=\"post-content\">\n      <div class=\"article-content-wrap\">\n        <div class=\"post-featured-img-wrap\">\n          <a href=\"https:\/\/uncover.ces.uc.pt\/en\/2025\/04\/20\/maria-joao-faustino-na-sic-noticias\/\" aria-label=\"Maria Jo\u00e3o Faustino na SIC Not\u00edcias\"><span class=\"post-featured-img\"><img loading=\"lazy\" decoding=\"async\" width=\"900\" height=\"600\" src=\"https:\/\/uncover.ces.uc.pt\/wp-content\/uploads\/2025\/04\/sic-noticias-900x600.jpg\" class=\"attachment-wide_photography size-wide_photography skip-lazy wp-post-image\" alt=\"\" title=\"\" sizes=\"auto, (min-width: 690px) 40vw, 100vw\" srcset=\"https:\/\/uncover.ces.uc.pt\/wp-content\/uploads\/2025\/04\/sic-noticias-900x600.jpg 900w, https:\/\/uncover.ces.uc.pt\/wp-content\/uploads\/2025\/04\/sic-noticias-18x12.jpg 18w\" \/><\/span><\/a>          \n        <\/div>\n        <div class=\"post-content-wrap\">\n          <a class=\"entire-meta-link\" href=\"https:\/\/uncover.ces.uc.pt\/en\/2025\/04\/20\/maria-joao-faustino-na-sic-noticias\/\"><span class=\"screen-reader-text\">Maria Jo\u00e3o Faustino na SIC Not\u00edcias<\/span><\/a>\n          <span class=\"meta-category\"><a class=\"disseminacao\" href=\"https:\/\/uncover.ces.uc.pt\/en\/category\/disseminacao\/\">Outreach<\/a><\/span>          \n          <div class=\"post-header\">\n            <h3 class=\"title\"><a href=\"https:\/\/uncover.ces.uc.pt\/en\/2025\/04\/20\/maria-joao-faustino-na-sic-noticias\/\"> Maria Jo\u00e3o Faustino na SIC Not\u00edcias<\/a><\/h3>\n          <\/div>\n          \n          <div class=\"excerpt\">No dia 4 de abril de 2025, Maria Jo\u00e3o Faustino participou em direto na SIC&hellip;<\/div><div class=\"grav-wrap\"><a href=\"https:\/\/uncover.ces.uc.pt\/en\/author\/uncover_admin\/\"><img alt='uncover_admin' src='https:\/\/secure.gravatar.com\/avatar\/77921b0a77845cc275141b2ebd17eb8e7564f7533437fcb2d45cc5f62df80d41?s=70&#038;d=mm&#038;r=g' srcset='https:\/\/secure.gravatar.com\/avatar\/77921b0a77845cc275141b2ebd17eb8e7564f7533437fcb2d45cc5f62df80d41?s=140&#038;d=mm&#038;r=g 2x' class='avatar avatar-70 photo' height='70' width='70' \/><\/a><div class=\"text\"><a href=\"https:\/\/uncover.ces.uc.pt\/en\/author\/uncover_admin\/\" rel=\"author\">uncover_admin<\/a><span>April 20, 2025<\/span><\/div><\/div>        <\/div>\n      <\/div>\n    <\/div>\n  <\/div>\n<\/article>     \n     \n<article id=\"post-7351\" class=\"post-7351 post type-post status-publish format-standard has-post-thumbnail category-disseminacao\">  \n  <div class=\"inner-wrap animated\">\n    <div class=\"post-content\">\n      <div class=\"article-content-wrap\">\n        <div class=\"post-featured-img-wrap\">\n          <a href=\"https:\/\/uncover.ces.uc.pt\/en\/2025\/09\/07\/webinar-o-peso-do-sim-intimidade-ou-obrigacao\/\" aria-label=\"Webinar \u201cO Peso do Sim: Intimidade ou Obriga\u00e7\u00e3o?\u201d\"><span class=\"post-featured-img\"><img loading=\"lazy\" decoding=\"async\" width=\"900\" height=\"600\" src=\"https:\/\/uncover.ces.uc.pt\/wp-content\/uploads\/2025\/09\/MJ-HeforShe.jpg\" class=\"attachment-wide_photography size-wide_photography skip-lazy wp-post-image\" alt=\"\" title=\"\" sizes=\"auto, (min-width: 690px) 40vw, 100vw\" srcset=\"https:\/\/uncover.ces.uc.pt\/wp-content\/uploads\/2025\/09\/MJ-HeforShe.jpg 900w, https:\/\/uncover.ces.uc.pt\/wp-content\/uploads\/2025\/09\/MJ-HeforShe-300x200.jpg 300w, https:\/\/uncover.ces.uc.pt\/wp-content\/uploads\/2025\/09\/MJ-HeforShe-768x512.jpg 768w, https:\/\/uncover.ces.uc.pt\/wp-content\/uploads\/2025\/09\/MJ-HeforShe-18x12.jpg 18w\" \/><\/span><\/a>          \n        <\/div>\n        <div class=\"post-content-wrap\">\n          <a class=\"entire-meta-link\" href=\"https:\/\/uncover.ces.uc.pt\/en\/2025\/09\/07\/webinar-o-peso-do-sim-intimidade-ou-obrigacao\/\"><span class=\"screen-reader-text\">Webinar \u201cO Peso do Sim: Intimidade ou Obriga\u00e7\u00e3o?\u201d<\/span><\/a>\n          <span class=\"meta-category\"><a class=\"disseminacao\" href=\"https:\/\/uncover.ces.uc.pt\/en\/category\/disseminacao\/\">Outreach<\/a><\/span>          \n          <div class=\"post-header\">\n            <h3 class=\"title\"><a href=\"https:\/\/uncover.ces.uc.pt\/en\/2025\/09\/07\/webinar-o-peso-do-sim-intimidade-ou-obrigacao\/\"> Webinar \u201cO Peso do Sim: Intimidade ou Obriga\u00e7\u00e3o?\u201d<\/a><\/h3>\n          <\/div>\n          \n          <div class=\"excerpt\">No dia 1 de abril de 2025, realizou-se, no \u00e2mbito das Jornadas HeForShe, o webinar&hellip;<\/div><div class=\"grav-wrap\"><a href=\"https:\/\/uncover.ces.uc.pt\/en\/author\/uncover_admin\/\"><img alt='uncover_admin' src='https:\/\/secure.gravatar.com\/avatar\/77921b0a77845cc275141b2ebd17eb8e7564f7533437fcb2d45cc5f62df80d41?s=70&#038;d=mm&#038;r=g' srcset='https:\/\/secure.gravatar.com\/avatar\/77921b0a77845cc275141b2ebd17eb8e7564f7533437fcb2d45cc5f62df80d41?s=140&#038;d=mm&#038;r=g 2x' class='avatar avatar-70 photo' height='70' width='70' \/><\/a><div class=\"text\"><a href=\"https:\/\/uncover.ces.uc.pt\/en\/author\/uncover_admin\/\" rel=\"author\">uncover_admin<\/a><span>September 7, 2025<\/span><\/div><\/div>        <\/div>\n      <\/div>\n    <\/div>\n  <\/div>\n<\/article>     \n     \n<article id=\"post-7244\" class=\"post-7244 post type-post status-publish format-standard has-post-thumbnail category-disseminacao\">  \n  <div class=\"inner-wrap animated\">\n    <div class=\"post-content\">\n      <div class=\"article-content-wrap\">\n        <div class=\"post-featured-img-wrap\">\n          <a href=\"https:\/\/uncover.ces.uc.pt\/en\/2025\/04\/20\/isabel-ventura-no-podcast-do-publico\/\" aria-label=\"Isabel Ventura no podcast do P\u00fablico\"><span class=\"post-featured-img\"><img loading=\"lazy\" decoding=\"async\" width=\"900\" height=\"600\" src=\"https:\/\/uncover.ces.uc.pt\/wp-content\/uploads\/2025\/04\/podcast.jpg\" class=\"attachment-wide_photography size-wide_photography skip-lazy wp-post-image\" alt=\"\" title=\"\" sizes=\"auto, (min-width: 690px) 40vw, 100vw\" srcset=\"https:\/\/uncover.ces.uc.pt\/wp-content\/uploads\/2025\/04\/podcast.jpg 900w, https:\/\/uncover.ces.uc.pt\/wp-content\/uploads\/2025\/04\/podcast-300x200.jpg 300w, https:\/\/uncover.ces.uc.pt\/wp-content\/uploads\/2025\/04\/podcast-768x512.jpg 768w, https:\/\/uncover.ces.uc.pt\/wp-content\/uploads\/2025\/04\/podcast-18x12.jpg 18w\" \/><\/span><\/a>          \n        <\/div>\n        <div class=\"post-content-wrap\">\n          <a class=\"entire-meta-link\" href=\"https:\/\/uncover.ces.uc.pt\/en\/2025\/04\/20\/isabel-ventura-no-podcast-do-publico\/\"><span class=\"screen-reader-text\">Isabel Ventura no podcast do P\u00fablico<\/span><\/a>\n          <span class=\"meta-category\"><a class=\"disseminacao\" href=\"https:\/\/uncover.ces.uc.pt\/en\/category\/disseminacao\/\">Outreach<\/a><\/span>          \n          <div class=\"post-header\">\n            <h3 class=\"title\"><a href=\"https:\/\/uncover.ces.uc.pt\/en\/2025\/04\/20\/isabel-ventura-no-podcast-do-publico\/\"> Isabel Ventura no podcast do P\u00fablico<\/a><\/h3>\n          <\/div>\n          \n          <div class=\"excerpt\">Este epis\u00f3dio do podcast do P\u00fablico parte de uma pergunta urgente: h\u00e1 uma cultura de&hellip;<\/div><div class=\"grav-wrap\"><a href=\"https:\/\/uncover.ces.uc.pt\/en\/author\/uncover_admin\/\"><img alt='uncover_admin' src='https:\/\/secure.gravatar.com\/avatar\/77921b0a77845cc275141b2ebd17eb8e7564f7533437fcb2d45cc5f62df80d41?s=70&#038;d=mm&#038;r=g' srcset='https:\/\/secure.gravatar.com\/avatar\/77921b0a77845cc275141b2ebd17eb8e7564f7533437fcb2d45cc5f62df80d41?s=140&#038;d=mm&#038;r=g 2x' class='avatar avatar-70 photo' height='70' width='70' \/><\/a><div class=\"text\"><a href=\"https:\/\/uncover.ces.uc.pt\/en\/author\/uncover_admin\/\" rel=\"author\">uncover_admin<\/a><span>April 20, 2025<\/span><\/div><\/div>        <\/div>\n      <\/div>\n    <\/div>\n  <\/div>\n<\/article>    \n    <\/div><!--\/posts container-->\n    \n    <nav id=\"pagination\" role=\"navigation\" aria-label=\"Pagination Navigation\" data-is-text=\"All items loaded\"><ul class='page-numbers'>\n\t<li><span aria-current=\"page\" class=\"page-numbers current\">1<\/span><\/li>\n\t<li><a class=\"page-numbers\" href=\"https:\/\/uncover.ces.uc.pt\/en\/wp-json\/wp\/v2\/pages\/6414\/page\/2\/\">2<\/a><\/li>\n\t<li><a class=\"page-numbers\" href=\"https:\/\/uncover.ces.uc.pt\/en\/wp-json\/wp\/v2\/pages\/6414\/page\/3\/\">3<\/a><\/li>\n\t<li><span class=\"page-numbers dots\">&hellip;<\/span><\/li>\n\t<li><a class=\"page-numbers\" href=\"https:\/\/uncover.ces.uc.pt\/en\/wp-json\/wp\/v2\/pages\/6414\/page\/5\/\">5<\/a><\/li>\n\t<li><a class=\"next page-numbers\" href=\"https:\/\/uncover.ces.uc.pt\/en\/wp-json\/wp\/v2\/pages\/6414\/page\/2\/\">Next &raquo;<\/a><\/li>\n<\/ul>\n<\/nav>  \n<\/div><!--\/post area-->\n\n  \n\n<\/div>\n\n\n\t\t\t<\/div> \n\t\t<\/div>\n\t<\/div> \n<\/div><\/div>","protected":false},"excerpt":{"rendered":"Este epis\u00f3dio do podcast do P\u00fablico parte de uma pergunta urgente: h\u00e1 uma cultura de viola\u00e7\u00e3o? A investigadora Isabel Ventura, especialista em viol\u00eancia sexual e justi\u00e7a de g\u00e9nero e consultora...","protected":false},"author":2,"featured_media":0,"parent":0,"menu_order":0,"comment_status":"closed","ping_status":"closed","template":"","meta":{"footnotes":""},"class_list":["post-6414","page","type-page","status-publish"],"_links":{"self":[{"href":"https:\/\/uncover.ces.uc.pt\/en\/wp-json\/wp\/v2\/pages\/6414","targetHints":{"allow":["GET"]}}],"collection":[{"href":"https:\/\/uncover.ces.uc.pt\/en\/wp-json\/wp\/v2\/pages"}],"about":[{"href":"https:\/\/uncover.ces.uc.pt\/en\/wp-json\/wp\/v2\/types\/page"}],"author":[{"embeddable":true,"href":"https:\/\/uncover.ces.uc.pt\/en\/wp-json\/wp\/v2\/users\/2"}],"replies":[{"embeddable":true,"href":"https:\/\/uncover.ces.uc.pt\/en\/wp-json\/wp\/v2\/comments?post=6414"}],"version-history":[{"count":8,"href":"https:\/\/uncover.ces.uc.pt\/en\/wp-json\/wp\/v2\/pages\/6414\/revisions"}],"predecessor-version":[{"id":7253,"href":"https:\/\/uncover.ces.uc.pt\/en\/wp-json\/wp\/v2\/pages\/6414\/revisions\/7253"}],"wp:attachment":[{"href":"https:\/\/uncover.ces.uc.pt\/en\/wp-json\/wp\/v2\/media?parent=6414"}],"curies":[{"name":"wp","href":"https:\/\/api.w.org\/{rel}","templated":true}]}}